{"id":9068,"date":"2019-09-25T09:33:44","date_gmt":"2019-09-25T12:33:44","guid":{"rendered":"https:\/\/www.sociales.unlz.edu.ar\/?page_id=9068"},"modified":"2019-09-25T09:33:44","modified_gmt":"2019-09-25T12:33:44","slug":"jornada-regional-de-la-red-iscweb","status":"publish","type":"page","link":"https:\/\/www.sociales.unlz.edu.ar\/index.php\/jornada-regional-de-la-red-iscweb\/","title":{"rendered":"Jornada Regional de la Red ISCWeB"},"content":{"rendered":"<p>[vc_row][vc_column][vc_column_text]<b><i>Jornada Regional de la Red ISCWeB:<\/i><\/b><\/p>\n<p><b><i>Calidad de vida de ni\u00f1os y ni\u00f1as en Sudam\u00e9rica<br \/>\n<\/i><\/b><i>Lunes<\/i> 4 de noviembre de 2019.<\/p>\n<p>&nbsp;<\/p>\n<p>Instituto de Estudios Sociales <b>UniCom<\/b>, Facultad de Ciencias Sociales<\/p>\n<p>Universidad Nacional de Lomas de Zamora<\/p>\n<p><b><span class=\"Apple-converted-space\">\u00a0<\/span><\/b> <span class=\"Apple-converted-space\">\u00a0 \u00a0 \u00a0 \u00a0 \u00a0 \u00a0 \u00a0 \u00a0 <\/span>Camino de Cintura y Juan XXIII, Lomas de Zamora. Pcia. de Buenos Aires, Argentina.<\/p>\n<p><b><span class=\"Apple-converted-space\">\u00a0<\/span><\/b><\/p>\n<table cellspacing=\"0\" cellpadding=\"0\">\n<tbody>\n<tr>\n<td valign=\"top\">10:00 hs.<\/td>\n<td valign=\"top\"><b>Acreditaci\u00f3n<\/b><\/td>\n<\/tr>\n<tr>\n<td valign=\"top\">10:45 hs.<\/td>\n<td valign=\"top\"><b>Panel inicial<\/b><\/p>\n<p><b><br \/>\n&#8211; <\/b>Lic. Gustavo Na\u00f3n, (Decano de la Facultad de Ciencias Sociales-UNLZ, Argentina).<span class=\"Apple-converted-space\">\u00a0<\/span><\/p>\n<p>&#8211; Dra. Graciela Tonon, (Directora UNICOM- UNLZ, Argentina). Presentaci\u00f3n del libro:<i><span class=\"Apple-converted-space\">\u00a0 <\/span>Conocer la vida de ni\u00f1os y ni\u00f1as desde la palabra de sus protagonistas (Argentina, Chile y Brasil.)<br \/>\n<\/i><b><span class=\"Apple-converted-space\">\u00a0<\/span><\/b><\/td>\n<\/tr>\n<tr>\n<td valign=\"top\">11:30 hs.<\/td>\n<td valign=\"top\"><b>Conferencia magistral<\/b><\/p>\n<p>Dr.<span class=\"Apple-converted-space\">\u00a0 <\/span>Asher Ben-Arieh (Universidad Hebrea de Jerusal\u00e9n-Israel)<br \/>\n<i>El bienestar de ni\u00f1os y ni\u00f1as: una mirada de las diferentes regiones del planeta.<\/i><\/td>\n<\/tr>\n<tr>\n<td valign=\"top\">12:30 hs.<\/td>\n<td valign=\"top\"><b>Panel: El bienestar de ni\u00f1os y ni\u00f1as desde la l\u00f3gica Sur-Sur<\/b><\/p>\n<p>&#8211; Dr. Shazly Savahl (Universidad de West Cape Town- Sud\u00e1frica). <i>El bienestar de ni\u00f1os y ni\u00f1as en la provincia de West Cape Town, Sud\u00e1frica<span class=\"Apple-converted-space\">\u00a0<\/span><\/i><\/p>\n<p>&#8211; Dra. Denise Benatuil (UNLZ-Argentina). <i>Relaciones personales y familiares de ni\u00f1os y ni\u00f1as.<\/i><\/td>\n<\/tr>\n<tr>\n<td valign=\"top\">13:15 hs.<\/td>\n<td valign=\"top\"><b>Almuerzo <\/b>(libre)<\/td>\n<\/tr>\n<tr>\n<td valign=\"top\">14:15 hs.<\/td>\n<td valign=\"top\"><b>Panel: La vida cotidiana de ni\u00f1os y ni\u00f1as<\/b><\/p>\n<p><b><br \/>\n<\/b>&#8211; Mag. Fernando Reyes (Universidad del Desarrollo-Chile). <i>Bienestar subjetivo de ni\u00f1os y ni\u00f1as chilenos.<\/i><\/p>\n<p>&#8211; Dr. Walter Toscano (UNLaM, Argentina). <i>La vida de ni\u00f1os y ni\u00f1as en la escuela.<\/i><\/p>\n<p>&#8211; Dra. L\u00eda Rodr\u00edguez de la Vega (UNLZ, Argentina). <i>El uso del tiempo, el dinero y los bienes personales de ni\u00f1os y ni\u00f1as.<\/i><\/td>\n<\/tr>\n<tr>\n<td valign=\"top\">15:00 hs.<span class=\"Apple-converted-space\">\u00a0<\/span><\/td>\n<td valign=\"top\"><b>Panel de J\u00f3venes investigadores\/as dedicados al estudio de la ni\u00f1ez en Sudam\u00e9rica<\/b><\/p>\n<p><b><br \/>\n<\/b>&#8211; Lic. Carolina Aspillaga (Universidad del Desarrollo- Chile). <i>Teor\u00edas subjetivas de adolescentes chilenos en torno al bienestar y sus trayectorias<\/i>.<span class=\"Apple-converted-space\">\u00a0<\/span><\/p>\n<p>&#8211; Lic. Agustina Suarez (UNLZ, Argentina<i>). El rol del T\u00e9cnico en Minoridad y Familia de la UNLZ.<\/i><\/p>\n<p>&#8211; Lic. Dami\u00e1n Molgaray (UP, Argentina). <i>La seguridad como dimensi\u00f3n social de la vida en la ciudad: opiniones de ni\u00f1os y ni\u00f1as de Buenos Aires, Argentina.<\/i><\/p>\n<p><b>16 hs. Caf\u00e9<\/b><\/td>\n<\/tr>\n<tr>\n<td valign=\"top\"><\/td>\n<td valign=\"top\"><\/td>\n<\/tr>\n<tr>\n<td valign=\"top\"><b>16:30 hs.<\/b><\/td>\n<td valign=\"top\"><b>Panel de cierre: Miradas psicosociales y espaciales del bienestar de ni\u00f1os y ni\u00f1as que viven en Sudam\u00e9rica<\/b><\/p>\n<p>&#8211; Dr. Jaime Alfaro Inzunza (Universidad del Desarrollo, Chile). <i>Consideraciones para el estudio del bienestar de nuestros ni\u00f1os, ni\u00f1as y adolescentes.<\/i><\/p>\n<p>&#8211; Dra. Claudia Mikkelsen (CONICET-UNMdP, Argentina). <i>El espacio social en el cual viven ni\u00f1os y ni\u00f1as.<\/i><\/td>\n<\/tr>\n<\/tbody>\n<\/table>\n<p>&nbsp;<\/p>\n<p><b>Comit\u00e9 organizador: <\/b><\/p>\n<ul>\n<li>Directora:<br \/>\nDra. Graciela Tonon<\/li>\n<\/ul>\n<ul>\n<li>Integrantes:<\/li>\n<\/ul>\n<ul>\n<li>Mag. Santiago Arag\u00f3n<\/li>\n<li>Lic. Mart\u00edn Carlomagno.<\/li>\n<li>Lic. Agustina Su\u00e1rez<\/li>\n<li>Lic. Miguel Meza<\/li>\n<li>Lic. Dami\u00e1n Molgaray<\/li>\n<\/ul>\n<p>[\/vc_column_text][\/vc_column][\/vc_row][vc_row][vc_column]<div class=\"\"><a  id=\"btn-69f14e9c19306\" class=\"btn btn-filled    btn-sm-sm\" href= \"https:\/\/docs.google.com\/forms\/d\/e\/1FAIpQLSdpRF3w6-WTB_ubmG7nUbztkrCXXCN9HP0zbH7oxEdJrMf1Vw\/viewform?usp=sf_link\" target=' _blank' >Inscripci\u00f3n<\/a><\/div>[\/vc_column][\/vc_row]<\/p>\n","protected":false},"excerpt":{"rendered":"<p>[vc_row][vc_column][vc_column_text]Jornada Regional de la Red ISCWeB: Calidad de vida de ni\u00f1os y ni\u00f1as en Sudam\u00e9rica Lunes&#8230;<\/p>\n","protected":false},"author":8,"featured_media":0,"parent":0,"menu_order":0,"comment_status":"closed","ping_status":"closed","template":"","meta":{"footnotes":""},"class_list":["post-9068","page","type-page","status-publish","hentry"],"_links":{"self":[{"href":"https:\/\/www.sociales.unlz.edu.ar\/index.php\/wp-json\/wp\/v2\/pages\/9068","targetHints":{"allow":["GET"]}}],"collection":[{"href":"https:\/\/www.sociales.unlz.edu.ar\/index.php\/wp-json\/wp\/v2\/pages"}],"about":[{"href":"https:\/\/www.sociales.unlz.edu.ar\/index.php\/wp-json\/wp\/v2\/types\/page"}],"author":[{"embeddable":true,"href":"https:\/\/www.sociales.unlz.edu.ar\/index.php\/wp-json\/wp\/v2\/users\/8"}],"replies":[{"embeddable":true,"href":"https:\/\/www.sociales.unlz.edu.ar\/index.php\/wp-json\/wp\/v2\/comments?post=9068"}],"version-history":[{"count":2,"href":"https:\/\/www.sociales.unlz.edu.ar\/index.php\/wp-json\/wp\/v2\/pages\/9068\/revisions"}],"predecessor-version":[{"id":9070,"href":"https:\/\/www.sociales.unlz.edu.ar\/index.php\/wp-json\/wp\/v2\/pages\/9068\/revisions\/9070"}],"wp:attachment":[{"href":"https:\/\/www.sociales.unlz.edu.ar\/index.php\/wp-json\/wp\/v2\/media?parent=9068"}],"curies":[{"name":"wp","href":"https:\/\/api.w.org\/{rel}","templated":true}]}}