{"id":5424,"date":"2018-11-08T12:45:33","date_gmt":"2018-11-08T15:45:33","guid":{"rendered":"http:\/\/10.0.1.20\/?page_id=5424"},"modified":"2026-02-25T15:22:21","modified_gmt":"2026-02-25T18:22:21","slug":"especializacion-en-docencia-para-la-educacion-superior-2","status":"publish","type":"page","link":"https:\/\/www.sociales.unlz.edu.ar\/index.php\/especializacion-en-docencia-para-la-educacion-superior-2\/","title":{"rendered":"Especializaci\u00f3n en Docencia para la Educaci\u00f3n Superior"},"content":{"rendered":"<p>[vc_row][vc_column width=&#8221;1\/3&#8243;][vc_single_image image=&#8221;15344&#8243; img_size=&#8221;medium&#8221; alignment=&#8221;center&#8221;][vc_column_text]<\/p>\n<h5 style=\"text-align: center;\">Virtual<\/h5>\n<p>[\/vc_column_text][\/vc_column][vc_column width=&#8221;1\/3&#8243;][vc_single_image image=&#8221;15342&#8243; img_size=&#8221;medium&#8221; alignment=&#8221;center&#8221;][vc_column_text]<\/p>\n<h5 style=\"text-align: center;\">Marzo 2026<\/h5>\n<p>[\/vc_column_text][\/vc_column][vc_column width=&#8221;1\/3&#8243;][vc_single_image image=&#8221;17677&#8243; img_size=&#8221;medium&#8221; alignment=&#8221;center&#8221;][vc_column_text]<\/p>\n<h5 style=\"text-align: center;\">Carrera acreditada por CONEAU<\/h5>\n<p>[\/vc_column_text][\/vc_column][\/vc_row][vc_row][vc_column][vc_column_text]<b>La Especializaci\u00f3n en Docencia para la Educaci\u00f3n Superior reconoce que la<\/b> <b>formaci\u00f3n de los profesionales de la educaci\u00f3n requiere de una perspectiva que comprenda la complejidad del acceso al conocimiento en los actuales escenarios pol\u00edticos, sociales y culturales y, en este marco, las tensiones que se provocan en cada decisi\u00f3n sobre lo que hay que ense\u00f1ar y c\u00f3mo hacerlo.<\/b> Las relaciones en el aula y en la instituci\u00f3n educativa, los intercambios comunicativos en la instituci\u00f3n y la modalidad que asume la experiencia cotidiana, configuran de modo particular las pr\u00e1cticas de la ense\u00f1anza en la educaci\u00f3n superior y, por tanto, los procesos de construcci\u00f3n de significados que tienen lugar en la instituci\u00f3n.<\/p>\n<p>La carrera brinda un aporte significativo al proceso de construcci\u00f3n de nuevas y pertinentes modalidades de hacer educaci\u00f3n y de producir ense\u00f1anza.<span class=\"Apple-converted-space\">\u00a0 <\/span>Se propone contribuir a la formaci\u00f3n de profesionales con conocimientos te\u00f3ricos, metodol\u00f3gicos y t\u00e9cnicos s\u00f3lidos y actualizados sobre pr\u00e1cticas de ense\u00f1anza en los diferentes \u00e1mbitos del campo de la ense\u00f1anza.<\/p>\n<p>Esta carrera articula con la<a href=\"https:\/\/www.sociales.unlz.edu.ar\/index.php\/especializacion-en-didactica-y-curriculum-2\/\"> Especializaci\u00f3n en Did\u00e1ctica y Curriculum<\/a> y la <a href=\"https:\/\/www.sociales.unlz.edu.ar\/index.php\/maestria-en-curriculum\/\">Maestr\u00eda en Curriculum.<\/a><\/p>\n<p><b>OBJETIVOS DE LA CARRERA<\/b><\/p>\n<ul>\n<li>Contribuir a la formaci\u00f3n de un perfil de competencias profesionales correspondientes al campo educativo focalizando en las pr\u00e1cticas e instrumentos espec\u00edficos que intenten resolver la tensi\u00f3n entre los campos curricular y did\u00e1ctico para su inclusi\u00f3n en instituciones que demandan profesionales formados para la puesta en valor del conocimiento y<span class=\"Apple-converted-space\">\u00a0 <\/span>para la resoluci\u00f3n de problemas de dise\u00f1o, implementaci\u00f3n y evaluaci\u00f3n de pol\u00edticas educativas.<\/li>\n<li>Proporcionar una formaci\u00f3n profesional especializada a graduados universitarios que deseen desempe\u00f1arse en el \u00e1rea de Did\u00e1ctica y en equipos de dise\u00f1o curricular tanto en la educaci\u00f3n formal como informal y no formal, a nivel local, regional, nacional e internacional.<\/li>\n<li>Brindar una formaci\u00f3n profesional especializada a graduados universitarios que desean desempe\u00f1arse en el \u00e1rea de an\u00e1lisis, formulaci\u00f3n de proyectos, programaci\u00f3n, investigaci\u00f3n, promoci\u00f3n y evaluaci\u00f3n de pol\u00edticas educativas como as\u00ed tambi\u00e9n en la docencia de nivel superior.<\/li>\n<\/ul>\n<p><b>PERFIL DEL GRADUADO<\/b><\/p>\n<p>El egresado de la Especializaci\u00f3n en Docencia para la Educaci\u00f3n Superior tendr\u00e1 s\u00f3lida formaci\u00f3n te\u00f3rica, metodol\u00f3gica y t\u00e9cnica para identificar, analizar y evaluar cr\u00edticamente las problem\u00e1ticas de la pr\u00e1ctica docente y, a partir de ello, dise\u00f1ar e implementar propuestas de ense\u00f1anza en su campo disciplinar as\u00ed como tambi\u00e9n evaluar su impacto en el dise\u00f1o y gesti\u00f3n de la ense\u00f1anza, en el contexto del sistema educativo, en general, y de la ense\u00f1anza superior, en particular.<\/p>\n<p>En este marco, el egresado de esta Especializaci\u00f3n deber\u00e1 poseer:<\/p>\n<ul>\n<li>Comprensi\u00f3n de los problemas de la pr\u00e1ctica docente, con el objeto de intervenir adecuadamente en sus niveles de implementaci\u00f3n en el Sistema Educativo Formal y de promover las necesarias transformaciones de la ense\u00f1anza en el nivel superior, en relaci\u00f3n a las nuevas exigencias de la sociedad.<\/li>\n<li>Comprensi\u00f3n de las variables, procesos y dinamismos involucrados en la problem\u00e1tica del conocimiento individual y social, con el objeto de contextualizar y orientar las propuestas pedag\u00f3gico \u2013 did\u00e1cticas<span class=\"Apple-converted-space\">\u00a0 <\/span>hacia el logro de crecientes niveles de pertinencia, calidad y democratizaci\u00f3n del conocimiento, en una din\u00e1mica de articulaci\u00f3n pol\u00edtico-instrumental dentro del<span class=\"Apple-converted-space\">\u00a0 <\/span>Sistema Educativo Formal.<\/li>\n<li>Conocimiento de los actuales escenarios econ\u00f3mico, social, pol\u00edtico y cultural, a nivel nacional y local, con el prop\u00f3sito de orientar adecuadamente la aplicaci\u00f3n de procesos de innovaci\u00f3n educativa a los diferentes \u00e1mbitos del campo de la ense\u00f1anza, contextualizando su producci\u00f3n, adaptaci\u00f3n, transferencia e implementaci\u00f3n.<\/li>\n<li>Conocimientos acerca de los procesos de formulaci\u00f3n, dise\u00f1o e implementaci\u00f3n de las pol\u00edticas educativas y sus marcos normativos correspondientes, con el objeto de intervenir en su operacionalizaci\u00f3n a trav\u00e9s del planeamiento curricular institucional, de conformidad a las singularidades propias de cada realidad.<\/li>\n<li>Actitud abierta, cr\u00edtica y reflexiva que le posibilita desempe\u00f1ar su rol en el Sistema Educativo, en un contexto de participaci\u00f3n e intercambio de formaci\u00f3n y experiencias para el logro de crecientes niveles de calidad educativa aportando al proceso de transformaci\u00f3n y, consecuentemente, a la democratizaci\u00f3n de la sociedad.<\/li>\n<\/ul>\n<p>&nbsp;<\/p>\n<p><b>DESTINATARIOS<\/b><\/p>\n<ul>\n<li>Graduados universitarios interesados en desarrollar una formaci\u00f3n profesional especializada en el campo de la docencia en Educaci\u00f3n Superior.<\/li>\n<li>Profesionales de la educaci\u00f3n que se desempe\u00f1an en el sector p\u00fablico con inter\u00e9s en especializarse<span class=\"Apple-converted-space\">\u00a0 <\/span>en<span class=\"Apple-converted-space\">\u00a0 <\/span>la docencia en el Nivel Superior.<\/li>\n<li>Integrantes de organizaciones civiles y partidos pol\u00edticos orientados a formarse en el \u00e1rea de la docencia en Educaci\u00f3n Superior.<\/li>\n<\/ul>\n<h4><strong>Para informes e inscripci\u00f3n escribir a\u00a0<a href=\"mailto:posgrado@sociales.unlz.edu.ar\" target=\"_blank\" rel=\"noopener\">posgrado@sociales.unlz.edu.ar<\/a><\/strong><\/h4>\n<p>[\/vc_column_text][\/vc_column][\/vc_row][vc_row][vc_column width=&#8221;1\/3&#8243;]<div class=\"\"><a  id=\"btn-69f13117dd63c\" class=\"btn btn-filled btn-lg   btn-sm-sm\" href= \"http:\/\/www.sociales.unlz.edu.ar\/index.php\/plan-de-estudios-y-equipo-docente-2\/\" target=\"_self\" >Plan de Estudios y Equipo Docente<\/a><\/div>[\/vc_column][vc_column width=&#8221;1\/3&#8243;]<div class=\"\"><a  id=\"btn-69f13117dd681\" class=\"btn btn-filled btn-lg   btn-sm-sm\" href= \"http:\/\/www.sociales.unlz.edu.ar\/index.php\/modalidad-de-cursada-y-aranceles-2\/\" target=\"_self\" >Modalidad de Cursada y Aranceles<\/a><\/div>[\/vc_column][vc_column width=&#8221;1\/3&#8243;]<div class=\"\"><a  id=\"btn-69f13117dd699\" class=\"btn btn-filled btn-lg   btn-sm-sm\" href= \"http:\/\/www.sociales.unlz.edu.ar\/index.php\/proceso-de-admision\/\" target=\"_self\" >Proceso de admisi\u00f3n<\/a><\/div>[\/vc_column][\/vc_row]<\/p>\n","protected":false},"excerpt":{"rendered":"<p>[vc_row][vc_column width=&#8221;1\/3&#8243;][vc_single_image image=&#8221;15344&#8243; img_size=&#8221;medium&#8221; alignment=&#8221;center&#8221;][vc_column_text] Virtual [\/vc_column_text][\/vc_column][vc_column width=&#8221;1\/3&#8243;][vc_single_image image=&#8221;15342&#8243; img_size=&#8221;medium&#8221; alignment=&#8221;center&#8221;][vc_column_text] Marzo 2026 [\/vc_column_text][\/vc_column][vc_column width=&#8221;1\/3&#8243;][vc_single_image image=&#8221;17677&#8243;&#8230;<\/p>\n","protected":false},"author":8,"featured_media":15228,"parent":0,"menu_order":0,"comment_status":"closed","ping_status":"closed","template":"","meta":{"footnotes":""},"class_list":["post-5424","page","type-page","status-publish","has-post-thumbnail","hentry"],"_links":{"self":[{"href":"https:\/\/www.sociales.unlz.edu.ar\/index.php\/wp-json\/wp\/v2\/pages\/5424","targetHints":{"allow":["GET"]}}],"collection":[{"href":"https:\/\/www.sociales.unlz.edu.ar\/index.php\/wp-json\/wp\/v2\/pages"}],"about":[{"href":"https:\/\/www.sociales.unlz.edu.ar\/index.php\/wp-json\/wp\/v2\/types\/page"}],"author":[{"embeddable":true,"href":"https:\/\/www.sociales.unlz.edu.ar\/index.php\/wp-json\/wp\/v2\/users\/8"}],"replies":[{"embeddable":true,"href":"https:\/\/www.sociales.unlz.edu.ar\/index.php\/wp-json\/wp\/v2\/comments?post=5424"}],"version-history":[{"count":40,"href":"https:\/\/www.sociales.unlz.edu.ar\/index.php\/wp-json\/wp\/v2\/pages\/5424\/revisions"}],"predecessor-version":[{"id":25449,"href":"https:\/\/www.sociales.unlz.edu.ar\/index.php\/wp-json\/wp\/v2\/pages\/5424\/revisions\/25449"}],"wp:featuredmedia":[{"embeddable":true,"href":"https:\/\/www.sociales.unlz.edu.ar\/index.php\/wp-json\/wp\/v2\/media\/15228"}],"wp:attachment":[{"href":"https:\/\/www.sociales.unlz.edu.ar\/index.php\/wp-json\/wp\/v2\/media?parent=5424"}],"curies":[{"name":"wp","href":"https:\/\/api.w.org\/{rel}","templated":true}]}}