{"id":5404,"date":"2018-11-08T12:05:53","date_gmt":"2018-11-08T15:05:53","guid":{"rendered":"http:\/\/10.0.1.20\/?page_id=5404"},"modified":"2026-02-25T15:21:50","modified_gmt":"2026-02-25T18:21:50","slug":"especializacion-en-didactica-y-curriculum-2","status":"publish","type":"page","link":"https:\/\/www.sociales.unlz.edu.ar\/index.php\/especializacion-en-didactica-y-curriculum-2\/","title":{"rendered":"Especializaci\u00f3n en Did\u00e1ctica y Curriculum"},"content":{"rendered":"<p>[vc_row][vc_column width=&#8221;1\/3&#8243;][vc_single_image image=&#8221;15344&#8243; img_size=&#8221;medium&#8221; alignment=&#8221;center&#8221;][vc_column_text]<\/p>\n<h5 style=\"text-align: center;\">Virtual<\/h5>\n<p>[\/vc_column_text][\/vc_column][vc_column width=&#8221;1\/3&#8243;][vc_single_image image=&#8221;15342&#8243; img_size=&#8221;medium&#8221; alignment=&#8221;center&#8221;][vc_column_text]<\/p>\n<h5 style=\"text-align: center;\">Marzo 2026<\/h5>\n<p>[\/vc_column_text][\/vc_column][vc_column width=&#8221;1\/3&#8243;][vc_single_image image=&#8221;17677&#8243; img_size=&#8221;medium&#8221; alignment=&#8221;center&#8221;][vc_column_text]<\/p>\n<h5 style=\"text-align: center;\">Carrera acreditada por CONEAU<\/h5>\n<p>[\/vc_column_text][\/vc_column][\/vc_row][vc_row css=&#8221;.vc_custom_1541697076078{padding-top: 0px !important;}&#8221;][vc_column][vc_column_text]<b>La Especializaci\u00f3n en Did\u00e1ctica y Curriculum tiene en cuenta la importante demanda de profundizaci\u00f3n de la formaci\u00f3n especializada en educaci\u00f3n frente a los desaf\u00edos que se presentan a nivel global, regional y local en cuanto al problema de la distribuci\u00f3n de los saberes comunes, de la herencia social, de lo p\u00fablico. <\/b>Retoma las relaciones entre las decisiones de qu\u00e9 saberes deben ense\u00f1arse y c\u00f3mo hacerlo para dar acceso con calidad a todos los sectores sociales, siendo hoy objeto de estudio de los profesionales de la educaci\u00f3n y formando parte, adem\u00e1s, de los trabajos que en investigaci\u00f3n y formaci\u00f3n de grado y posgrado se vienen desarrollando en nuestro pa\u00eds y tambi\u00e9n a nivel internacional. <span class=\"Apple-converted-space\">\u00a0<\/span><\/p>\n<p>La carrera promueve la formaci\u00f3n de profesionales docentes y de otros campos en cuestiones curriculares, para atender los requerimientos que surgen de la incorporaci\u00f3n de oficinas de acreditaci\u00f3n en las instituciones, los siempre actuales desaf\u00edos de la calidad, los requerimientos t\u00e9cnicos necesarios para direccionar los nuevos desarrollos disciplinares, la concepci\u00f3n de lo curricular como un proceso permanente.<\/p>\n<p style=\"background: white; margin: 0cm 0cm 7.5pt 0cm;\"><span lang=\"ES-AR\" style=\"font-size: 11.5pt; font-family: 'Arial','sans-serif'; color: #565656;\">Esta carrera articula con la <\/span><a href=\"https:\/\/www.sociales.unlz.edu.ar\/index.php\/maestria-en-curriculum\/\"><span lang=\"ES-AR\"><span style=\"font-size: 11.5pt; font-family: 'Arial','sans-serif';\">Maestr\u00eda en Curriculum<\/span><\/span><\/a><span lang=\"ES-AR\" style=\"font-size: 11.5pt; font-family: 'Arial','sans-serif'; color: #565656;\"> y la <\/span><span lang=\"ES-AR\"><a href=\"https:\/\/www.sociales.unlz.edu.ar\/index.php\/especializacion-en-docencia-para-la-educacion-superior-2\/\"><span style=\"font-size: 11.5pt; font-family: 'Arial','sans-serif';\">Especializaci\u00f3n en Docencia para la Educaci\u00f3n Superior<\/span><\/a><\/span><\/p>\n<p><b>OBJETIVOS DE LA CARRERA<\/b><\/p>\n<ul>\n<li>Contribuir a la formaci\u00f3n de un perfil de competencias profesionales correspondientes al campo educativo focalizando en las pr\u00e1cticas e instrumentos espec\u00edficos que intenten resolver la tensi\u00f3n entre los campos curricular y did\u00e1ctico para su inclusi\u00f3n en instituciones que demandan profesionales formados para la puesta en valor del conocimiento y<span class=\"Apple-converted-space\">\u00a0 <\/span>para la resoluci\u00f3n de problemas de dise\u00f1o, implementaci\u00f3n y evaluaci\u00f3n de pol\u00edticas educativas.<\/li>\n<li>Proporcionar una formaci\u00f3n profesional especializada a graduados universitarios que deseen desempe\u00f1arse en el \u00e1rea de Did\u00e1ctica y en equipos de dise\u00f1o curricular tanto en la educaci\u00f3n formal como informal y no formal, a nivel local, regional, nacional e internacional.<\/li>\n<li>Brindar una formaci\u00f3n profesional especializada a graduados universitarios que desean desempe\u00f1arse en el \u00e1rea de an\u00e1lisis, formulaci\u00f3n de proyectos, programaci\u00f3n, investigaci\u00f3n, promoci\u00f3n y evaluaci\u00f3n de pol\u00edticas educativas como as\u00ed tambi\u00e9n en la docencia de nivel superior.<\/li>\n<\/ul>\n<p>&nbsp;<\/p>\n<p><b>PERFIL DEL GRADUADO<\/b><\/p>\n<p>El egresado de la Especializaci\u00f3n en Did\u00e1ctica y Curriculum contar\u00e1 con un bagaje te\u00f3rico y pr\u00e1ctico que permita un adecuado an\u00e1lisis, dise\u00f1o, seguimiento y evaluaci\u00f3n de problem\u00e1ticas y proyectos que involucren conocimientos que permitan su inserci\u00f3n en equipos interdisciplinarios de implementaci\u00f3n de pol\u00edticas educativas.<span class=\"Apple-converted-space\">\u00a0<\/span><\/p>\n<ul>\n<li>Interpretar\u00e1 las pol\u00edticas educativas vinculadas al dise\u00f1o, implementaci\u00f3n, evaluaci\u00f3n de lo curricular en el marco de la complejidad de los actuales escenarios sociales, econ\u00f3micos y culturales.<\/li>\n<\/ul>\n<ul>\n<li>Podr\u00e1 desempe\u00f1arse como profesional de excelencia en al \u00e1mbito educativo respondiendo a la preocupaci\u00f3n tanto desde quienes trabajan en la ense\u00f1anza como de aquellos que buscan insertarse en el campo del dise\u00f1o curricular y en sus distintos niveles de concreci\u00f3n.<\/li>\n<\/ul>\n<ul>\n<li>Comprender\u00e1 la impronta de la tecnolog\u00eda en el desarrollo de tareas en el \u00e1mbito educativo, en sus diferentes niveles y contextos.<\/li>\n<\/ul>\n<ul>\n<li>Manejar\u00e1 herramientas de dise\u00f1o, desarrollo y evaluaci\u00f3n de planes, programas y proyectos vinculados a la definici\u00f3n curricular y a la implementaci\u00f3n did\u00e1ctica.<\/li>\n<\/ul>\n<p>&nbsp;<\/p>\n<p><b>DESTINATARIOS<\/b><\/p>\n<ul>\n<li>Profesionales de educaci\u00f3n y \u00e1reas afines con desempe\u00f1o efectivo en estos \u00e1mbitos, que deseen profundizar sus conocimientos y sus pr\u00e1cticas en el campo curricular.<\/li>\n<li>Profesionales con t\u00edtulo de grado de nivel superior de 4 a\u00f1os de duraci\u00f3n o m\u00e1s, con reconocimiento oficial y validez nacional, integrantes de partidos pol\u00edticos, organizaciones sociales, sindicatos que se encuentren trabajando en este campo.<\/li>\n<li>Docentes con t\u00edtulo de grado de nivel superior de 4 a\u00f1os de duraci\u00f3n o m\u00e1s, con reconocimiento oficial y validez nacional, que se est\u00e9n desempe\u00f1ando en instituciones estatales y privadas que deseen ampliar sus conocimientos en el campo curricular.<\/li>\n<\/ul>\n<h4><strong>Para informes e inscripci\u00f3n escribir a\u00a0<a href=\"mailto:posgrado@sociales.unlz.edu.ar\" target=\"_blank\" rel=\"noopener\">posgrado@sociales.unlz.edu.ar<\/a><\/strong><\/h4>\n<p>[\/vc_column_text][\/vc_column][\/vc_row][vc_row css=&#8221;.vc_custom_1541697106204{padding-top: 0px !important;}&#8221;][vc_column width=&#8221;1\/3&#8243;]<div class=\"\"><a  id=\"btn-69f5be9c88065\" class=\"btn btn-filled btn-lg   btn-sm-sm\" href= \"http:\/\/www.sociales.unlz.edu.ar\/index.php\/plan-de-estudios-y-equipo-docente\/\" target=' _blank' >Plan de Estudios y Equipo Docente<\/a><\/div>[\/vc_column][vc_column width=&#8221;1\/3&#8243;]<div class=\"\"><a  id=\"btn-69f5be9c8808f\" class=\"btn btn-filled btn-lg   btn-sm-sm\" href= \"http:\/\/www.sociales.unlz.edu.ar\/index.php\/modalidad-de-cursada-y-aranceles\/\" target=\"_self\" >Modalidad de Cursada y Aranceles<\/a><\/div>[\/vc_column][vc_column width=&#8221;1\/3&#8243;]<div class=\"\"><a  id=\"btn-69f5be9c880a1\" class=\"btn btn-filled btn-lg   btn-sm-sm\" href= \"http:\/\/www.sociales.unlz.edu.ar\/index.php\/proceso-de-admision-2\/\" target=' _blank' >Proceso de Admsi\u00f3n<\/a><\/div>[\/vc_column][\/vc_row]<\/p>\n","protected":false},"excerpt":{"rendered":"<p>[vc_row][vc_column width=&#8221;1\/3&#8243;][vc_single_image image=&#8221;15344&#8243; img_size=&#8221;medium&#8221; alignment=&#8221;center&#8221;][vc_column_text] Virtual [\/vc_column_text][\/vc_column][vc_column width=&#8221;1\/3&#8243;][vc_single_image image=&#8221;15342&#8243; img_size=&#8221;medium&#8221; alignment=&#8221;center&#8221;][vc_column_text] Marzo 2026 [\/vc_column_text][\/vc_column][vc_column width=&#8221;1\/3&#8243;][vc_single_image image=&#8221;17677&#8243;&#8230;<\/p>\n","protected":false},"author":8,"featured_media":15225,"parent":0,"menu_order":0,"comment_status":"closed","ping_status":"closed","template":"","meta":{"footnotes":""},"class_list":["post-5404","page","type-page","status-publish","has-post-thumbnail","hentry"],"_links":{"self":[{"href":"https:\/\/www.sociales.unlz.edu.ar\/index.php\/wp-json\/wp\/v2\/pages\/5404","targetHints":{"allow":["GET"]}}],"collection":[{"href":"https:\/\/www.sociales.unlz.edu.ar\/index.php\/wp-json\/wp\/v2\/pages"}],"about":[{"href":"https:\/\/www.sociales.unlz.edu.ar\/index.php\/wp-json\/wp\/v2\/types\/page"}],"author":[{"embeddable":true,"href":"https:\/\/www.sociales.unlz.edu.ar\/index.php\/wp-json\/wp\/v2\/users\/8"}],"replies":[{"embeddable":true,"href":"https:\/\/www.sociales.unlz.edu.ar\/index.php\/wp-json\/wp\/v2\/comments?post=5404"}],"version-history":[{"count":74,"href":"https:\/\/www.sociales.unlz.edu.ar\/index.php\/wp-json\/wp\/v2\/pages\/5404\/revisions"}],"predecessor-version":[{"id":25447,"href":"https:\/\/www.sociales.unlz.edu.ar\/index.php\/wp-json\/wp\/v2\/pages\/5404\/revisions\/25447"}],"wp:featuredmedia":[{"embeddable":true,"href":"https:\/\/www.sociales.unlz.edu.ar\/index.php\/wp-json\/wp\/v2\/media\/15225"}],"wp:attachment":[{"href":"https:\/\/www.sociales.unlz.edu.ar\/index.php\/wp-json\/wp\/v2\/media?parent=5404"}],"curies":[{"name":"wp","href":"https:\/\/api.w.org\/{rel}","templated":true}]}}