{"id":4067,"date":"2018-08-06T18:26:28","date_gmt":"2018-08-06T21:26:28","guid":{"rendered":"http:\/\/10.0.1.20\/?page_id=4067"},"modified":"2022-04-26T11:18:10","modified_gmt":"2022-04-26T14:18:10","slug":"letras","status":"publish","type":"page","link":"https:\/\/www.sociales.unlz.edu.ar\/index.php\/letras\/","title":{"rendered":"Letras"},"content":{"rendered":"<p>[vc_row css=&#8221;.vc_custom_1650981785832{background-color: #f2f2f2 !important;}&#8221;][vc_column][vc_column_text]<\/p>\n<h4 class=\"p1\"><b>PERFIL DEL LICENCIADO\/A EN LETRAS<\/b><\/h4>\n<p>[\/vc_column_text][vc_column_text]<\/p>\n<h5 class=\"p1\">El egresado ser\u00e1 un profesional-operador de las letras que manifieste:<\/h5>\n<h5>\u2022 Capacidad para investigar en las \u00e1reas de Teor\u00eda y Cr\u00edtica Literarias, Ling\u00fc\u00edstica y Literatura Latinoam\u00e9rica y Argentina.<\/h5>\n<h5>\u2022 Capacidad para efectuar pr\u00e1cticas de an\u00e1lisis y manejo de corrientes te\u00f3ricas relacionadas con el fen\u00f3meno literario y la problem\u00e1tica del lenguaje.<\/h5>\n<h5>\u2022 Conocimiento del m\u00e1s alto nivel cient\u00edfico acerca de la producci\u00f3n, circulaci\u00f3n y recepci\u00f3n de la literatura latinoamericana y argentina.<\/h5>\n<h5>\u2022 Apertura y disposici\u00f3n cr\u00edtica frente a las constantes transformaciones del mundo de hoy.<\/h5>\n<h5>\u2022 Inter\u00e9s en participar en trabajos interdisciplinarios.<\/h5>\n<h5>\u2022 Respeto irrestricto por la libertad de pensamiento y la libertad de creaci\u00f3n est\u00e9tica.<\/h5>\n<p>[\/vc_column_text][\/vc_column][\/vc_row][vc_row css=&#8221;.vc_custom_1650982118213{background-color: #e5e5e5 !important;}&#8221;][vc_column][vc_column_text]<\/p>\n<h4 class=\"p1\"><b>ALCANCES PROFESIONALES DEL LICENCIADO\/A EN LETRAS<span class=\"Apple-converted-space\">\u00a0<\/span><\/b><\/h4>\n<p>[\/vc_column_text][vc_column_text]<\/p>\n<h5>\u2022 Realizar estudios e investigaciones en lo referente a Teor\u00eda y Cr\u00edtica Literaria, Ling\u00fc\u00edstica y Literatura Latinoamericana y Argentina<\/h5>\n<h5>\u2022 Asesorar en lo relativo a Ling\u00fc\u00edstica, Teor\u00eda y Cr\u00edtica Literaria y Literatura Latinoamericana y Argentina.<\/h5>\n<h5>\u2022 Asesorar a los medios masivos de comunicaci\u00f3n en lo referente a la lengua y la literatura.<\/h5>\n<h5>\u2022 Elaborar, dirigir, ejecutar y supervisar programas de edici\u00f3n literaria.<\/h5>\n<h5>Participar en:<\/h5>\n<h5>\u2022 La elaboraci\u00f3n y evaluaci\u00f3n de planes, programas y proyectos de car\u00e1cter cultural.<\/h5>\n<h5>\u2022 La estructuraci\u00f3n de distintos tipos de mensajes que difunden los medios de comunicaci\u00f3n masivos.<\/h5>\n<h5>\u2022 La elaboraci\u00f3n de material did\u00e1ctico y\/o bibliogr\u00e1fico referido a Lengua y Literatura.<\/h5>\n<p>[\/vc_column_text]<div class=\"\"><a  id=\"btn-69f1f2bcc8a74\" class=\"btn btn-rounded  ti-pencil  btn-sm-sm\" href= \"http:\/\/www.sociales.unlz.edu.ar\/wp-content\/uploads\/2018\/11\/LicLetras.pdf\" target=' _blank' >Plan de Estudios Licenciatura<\/a><\/div>[\/vc_column][\/vc_row][vc_row css=&#8221;.vc_custom_1650981785832{background-color: #f2f2f2 !important;}&#8221;][vc_column][vc_column_text]<\/p>\n<h4 class=\"p2\"><b>PERFIL DEL PROFESOR\/A EN LETRAS<\/b><\/h4>\n<p>[\/vc_column_text][vc_column_text]<\/p>\n<h5 class=\"p1\">El egresado ser\u00e1 un profesional-operador de las letras que manifieste:<\/h5>\n<h5>\u2022 Capacidad para ejercer con verdadera vocaci\u00f3n la docencia.<\/h5>\n<h5>\u2022 Capacidad para aplicar las m\u00e1s modernas investigaciones<span class=\"Apple-converted-space\">\u00a0 <\/span>en las \u00e1reas de Teor\u00eda y Cr\u00edtica Literarias, Ling\u00fc\u00edstica y Literatura Latinoamericana y Argentina a los distintos niveles y modalidades de la ense\u00f1anza.<\/h5>\n<h5>\u2022 Conocimiento del m\u00e1s alto nivel cient\u00edfico sobre fundamentos, desarrollo y conducci\u00f3n del proceso de aprendizaje.<\/h5>\n<h5>\u2022 Sensibilidad frente a los intereses, dudas y caracter\u00edsticas propias de los alumnos.<\/h5>\n<h5>\u2022 Respeto irrestricto por la libertad de pensamiento y la libertad de creaci\u00f3n est\u00e9tica.<\/h5>\n<p>[\/vc_column_text][\/vc_column][\/vc_row][vc_row css=&#8221;.vc_custom_1650982644505{background-color: #e0e0e0 !important;}&#8221;][vc_column][vc_column_text]<\/p>\n<h4 class=\"p2\"><b>ALCANCES PROFESIONALES DEL PROFESOR\/A EN LETRAS<span class=\"Apple-converted-space\">\u00a0<\/span><\/b><\/h4>\n<p>[\/vc_column_text][vc_column_text]<\/p>\n<h5>\u2022 Realizar estudios e investigaciones en lo referente a Teor\u00eda y Cr\u00edtica Literaria, Ling\u00fc\u00edstica y Literatura Latinoamericana y Argentina<\/h5>\n<h5>\u2022 Asesorar en lo relativo a Ling\u00fc\u00edstica, Teor\u00eda y Cr\u00edtica Literaria y Literatura Latinoamericana y Argentina.<\/h5>\n<h5>\u2022 Asesorar a los medios masivos de comunicaci\u00f3n en lo referente a la lengua y la literatura.<\/h5>\n<h5>\u2022 Elaborar, dirigir, ejecutar y supervisar programas de edici\u00f3n literaria.<\/h5>\n<h5>\u2022 Participar en:<\/h5>\n<h5>\u2212 La elaboraci\u00f3n y evaluaci\u00f3n de planes, programas y proyectos de car\u00e1cter cultural.<\/h5>\n<h5>\u2212 La estructuraci\u00f3n de distintos tipos de mensajes que difunden los medios de comunicaci\u00f3n masivos.<\/h5>\n<h5>\u2212 La elaboraci\u00f3n de material did\u00e1ctico y\/o bibliogr\u00e1fico referido a Lengua y Literatura.<\/h5>\n<h5>\u2212 Ejercer la docencia en los distintos niveles y modalidades del sistema educativo.<\/h5>\n<p>[\/vc_column_text]<div class=\"\"><a  id=\"btn-69f1f2bcc8aaa\" class=\"btn btn-rounded  ti-pencil  btn-sm-sm\" href= \"http:\/\/www.sociales.unlz.edu.ar\/wp-content\/uploads\/2018\/11\/ProfLetras.pdf\" target=' _blank' >Plan de Estudios Profesorado<\/a><\/div>[\/vc_column][\/vc_row]<\/p>\n","protected":false},"excerpt":{"rendered":"<p>[vc_row css=&#8221;.vc_custom_1650981785832{background-color: #f2f2f2 !important;}&#8221;][vc_column][vc_column_text] PERFIL DEL LICENCIADO\/A EN LETRAS [\/vc_column_text][vc_column_text] El egresado ser\u00e1 un profesional-operador de&#8230;<\/p>\n","protected":false},"author":7,"featured_media":5197,"parent":0,"menu_order":0,"comment_status":"closed","ping_status":"closed","template":"","meta":{"footnotes":""},"class_list":["post-4067","page","type-page","status-publish","has-post-thumbnail","hentry"],"_links":{"self":[{"href":"https:\/\/www.sociales.unlz.edu.ar\/index.php\/wp-json\/wp\/v2\/pages\/4067","targetHints":{"allow":["GET"]}}],"collection":[{"href":"https:\/\/www.sociales.unlz.edu.ar\/index.php\/wp-json\/wp\/v2\/pages"}],"about":[{"href":"https:\/\/www.sociales.unlz.edu.ar\/index.php\/wp-json\/wp\/v2\/types\/page"}],"author":[{"embeddable":true,"href":"https:\/\/www.sociales.unlz.edu.ar\/index.php\/wp-json\/wp\/v2\/users\/7"}],"replies":[{"embeddable":true,"href":"https:\/\/www.sociales.unlz.edu.ar\/index.php\/wp-json\/wp\/v2\/comments?post=4067"}],"version-history":[{"count":16,"href":"https:\/\/www.sociales.unlz.edu.ar\/index.php\/wp-json\/wp\/v2\/pages\/4067\/revisions"}],"predecessor-version":[{"id":15977,"href":"https:\/\/www.sociales.unlz.edu.ar\/index.php\/wp-json\/wp\/v2\/pages\/4067\/revisions\/15977"}],"wp:featuredmedia":[{"embeddable":true,"href":"https:\/\/www.sociales.unlz.edu.ar\/index.php\/wp-json\/wp\/v2\/media\/5197"}],"wp:attachment":[{"href":"https:\/\/www.sociales.unlz.edu.ar\/index.php\/wp-json\/wp\/v2\/media?parent=4067"}],"curies":[{"name":"wp","href":"https:\/\/api.w.org\/{rel}","templated":true}]}}