{"id":20164,"date":"2023-09-07T11:35:02","date_gmt":"2023-09-07T14:35:02","guid":{"rendered":"https:\/\/www.sociales.unlz.edu.ar\/?page_id=20164"},"modified":"2023-09-13T18:47:25","modified_gmt":"2023-09-13T21:47:25","slug":"1-congreso-sobre-imaginarios-argentinos-e-identidad-programa-de-actividades","status":"publish","type":"page","link":"https:\/\/www.sociales.unlz.edu.ar\/index.php\/1-congreso-sobre-imaginarios-argentinos-e-identidad-programa-de-actividades\/","title":{"rendered":"1\u00b0 Congreso sobre Imaginarios Argentinos e Identidad | Programa de actividades"},"content":{"rendered":"<h4 style=\"text-align: center;\"><strong>1\u00b0 Congreso sobre Imaginarios Argentinos e Identidad<\/strong><\/h4>\n<h5 style=\"text-align: center;\"><strong>Los desaf\u00edos de siempre\u2026 <\/strong><strong>Identidad Nacional, Democracia y Ciudadan\u00eda en Argentina<\/strong><\/h5>\n<h5 style=\"text-align: center;\"><strong>Un encuentro entre debates, di\u00e1logos, producciones y espacios de reflexi\u00f3n a prop\u00f3sito de lo argentino\u2026<\/strong><\/h5>\n<p>&nbsp;<\/p>\n<p style=\"text-align: left;\"><strong><u>Programa de Actividades<\/u><\/strong><\/p>\n<p style=\"text-align: left;\"><strong>Jueves 14 de septiembre<\/strong><\/p>\n<p style=\"text-align: left;\">09.00 hs. \u00a0\u00a0Acreditaci\u00f3n<\/p>\n<p>&nbsp;<\/p>\n<p style=\"text-align: left;\">09.15 hs.\u00a0 \u00a0<strong>Apertura<\/strong><\/p>\n<p>\u00a0 \u00a0 \u00a0 \u00a0 \u00a0 \u00a0 \u00a0 \u00a0 \u00a0 Facundo Pascutto Miguel Briscas Eduardo Urbano<\/p>\n<p>&nbsp;<\/p>\n<p>09.45 hs.\u00a0\u00a0 Ponencias presentadas<\/p>\n<p>&nbsp;<\/p>\n<p style=\"text-align: left;\">10.15 hs.\u00a0\u00a0 <u>Presentaciones con invitados<\/u>:<\/p>\n<p style=\"text-align: left;\">\u00a0\u00a0\u00a0\u00a0 \u00a0 \u00a0 \u00a0 \u00a0 \u00a0 \u00a0 <strong>El<\/strong> <strong>F\u00fatbol <\/strong><\/p>\n<p style=\"text-align: left;\">\u00a0 \u00a0 a<strong>\u00a0 \u00a0 \u00a0 \u00a0 \u00a0 \u00a0Victor Lupo Mario Cabrera<\/strong><\/p>\n<p style=\"text-align: left;\">\u00a0 \u00a0 \u00a0 \u00a0 \u00a0 \u00a0 \u00a0 \u00a0 \u00a0 <strong>La<\/strong> <strong>Radio<\/strong><\/p>\n<p>12.00 hs.\u00a0 \u00a0<strong>Beto Solas<\/strong><\/p>\n<p>&nbsp;<\/p>\n<p style=\"text-align: left;\">14.00 hs.\u00a0\u00a0 Ponencias<\/p>\n<p style=\"text-align: left;\">\u00a0 \u00a0 \u00a0 \u00a0 \u00a0 \u00a0 \u00a0 \u00a0 \u00a0 Mesas tem\u00e1ticas<\/p>\n<p style=\"text-align: left;\">\u00a0 \u00a0 \u00a0a\u00a0 \u00a0 \u00a0 \u00a0 \u00a0 \u00a0 Imaginarios de sentido com\u00fan argentino:<\/p>\n<p style=\"text-align: left;\">17.30 hs.\u00a0\u00a0 -Argentina \u201cGranero del Mundo\u201d<\/p>\n<p style=\"text-align: left;\">\u00a0\u00a0\u00a0\u00a0\u00a0\u00a0\u00a0\u00a0\u00a0\u00a0\u00a0\u00a0\u00a0\u00a0\u00a0\u00a0\u00a0 -Cr\u00edmenes de lesa humanidad<\/p>\n<p style=\"text-align: left;\">\u00a0\u00a0\u00a0\u00a0\u00a0\u00a0\u00a0\u00a0\u00a0\u00a0\u00a0\u00a0\u00a0\u00a0\u00a0\u00a0\u00a0 Subjetividades y Ciudadan\u00edas argentinas:<\/p>\n<p style=\"text-align: left;\">\u00a0\u00a0\u00a0\u00a0\u00a0\u00a0\u00a0\u00a0\u00a0\u00a0\u00a0\u00a0\u00a0\u00a0\u00a0\u00a0\u00a0 -Colonialidad y Curr\u00edculum<\/p>\n<p style=\"text-align: left;\">\u00a0\u00a0\u00a0\u00a0\u00a0\u00a0\u00a0\u00a0\u00a0\u00a0\u00a0\u00a0\u00a0\u00a0\u00a0\u00a0\u00a0 -Universidad e Historia<\/p>\n<p>\u00a0Equipos de C\u00e1tedra:<\/p>\n<p>Antropolog\u00eda Cultural<\/p>\n<p>Taller Abierto de Derechos Humanos<\/p>\n<p>Teor\u00eda de la Educaci\u00f3n<\/p>\n<p>Historia de la Educaci\u00f3n<\/p>\n<p>Ling\u00fc\u00edstica<\/p>\n<p>&nbsp;<\/p>\n<p style=\"text-align: left;\">18.00 hs.\u00a0\u00a0 Plenario con conclusiones<\/p>\n<p style=\"text-align: left;\">\u00a0\u00a0\u00a0 a\u00a0\u00a0\u00a0\u00a0\u00a0\u00a0\u00a0\u00a0\u00a0\u00a0\u00a0 Ponencias<\/p>\n<p style=\"text-align: left;\">21.00 hs.\u00a0\u00a0 <u>Panel con invitados<\/u>:<\/p>\n<p style=\"text-align: left;\">\u00a0\u00a0\u00a0\u00a0\u00a0\u00a0\u00a0\u00a0\u00a0\u00a0\u00a0\u00a0\u00a0\u00a0\u00a0\u00a0\u00a0 <strong>Argentina en el Mundo<\/strong><\/p>\n<p style=\"text-align: left;\"><strong>\u00a0\u00a0\u00a0\u00a0\u00a0\u00a0\u00a0\u00a0\u00a0\u00a0\u00a0\u00a0\u00a0\u00a0\u00a0\u00a0\u00a0 C\u00f3mo nos ven, c\u00f3mo nos vemos\u2026<\/strong><\/p>\n<p>\u00a0 \u00a0 \u00a0 \u00a0 \u00a0 \u00a0 \u00a0 \u00a0 \u00a0 <strong>Francisco Lavolpe Arturo Bruzzoni<\/strong><\/p>\n<p>&nbsp;<\/p>\n<p style=\"text-align: left;\"><strong>Viernes 15 de septiembre<\/strong><\/p>\n<p style=\"text-align: left;\">\u00a09.00 hs.\u00a0\u00a0\u00a0\u00a0\u00a0 Ponencias<\/p>\n<p style=\"text-align: left;\">10.00 hs.\u00a0\u00a0\u00a0 <u>Presentaciones\u00a0 con invitados<\/u>:<\/p>\n<p style=\"text-align: left;\">\u00a0\u00a0\u00a0 a\u00a0\u00a0\u00a0\u00a0\u00a0\u00a0\u00a0\u00a0\u00a0\u00a0\u00a0\u00a0 <strong>La pr\u00e1ctica period\u00edstica<\/strong><\/p>\n<p>\u00a0 \u00a0 \u00a0 \u00a0 \u00a0 \u00a0 \u00a0 \u00a0 \u00a0 \u00a0Daniel M\u00edguez<\/p>\n<p style=\"text-align: left;\">\u00a0 \u00a0 \u00a0 \u00a0 \u00a0 \u00a0 \u00a0 \u00a0 \u00a0 \u00a0<strong>Identidad y humor<\/strong><\/p>\n<p>12.00 hs.\u00a0 \u00a0 Pablo Cordonet<\/p>\n<p>&nbsp;<\/p>\n<p style=\"text-align: left;\">14.00 hs.\u00a0\u00a0 Mesas tem\u00e1ticas<\/p>\n<p style=\"text-align: left;\">\u00a0\u00a0\u00a0 a\u00a0\u00a0\u00a0\u00a0\u00a0\u00a0\u00a0\u00a0\u00a0\u00a0\u00a0 Imaginarios de sentido com\u00fan argentino:<\/p>\n<p style=\"text-align: left;\">17.30 hs.\u00a0\u00a0 -La soberan\u00eda popular y el Estado<\/p>\n<p style=\"text-align: left;\">\u00a0\u00a0\u00a0\u00a0\u00a0\u00a0\u00a0\u00a0\u00a0\u00a0\u00a0\u00a0\u00a0\u00a0\u00a0\u00a0\u00a0 -Paradigmas y \u201ccambios culturales\u201d<\/p>\n<p style=\"text-align: left;\">\u00a0\u00a0\u00a0\u00a0\u00a0\u00a0\u00a0\u00a0\u00a0\u00a0\u00a0\u00a0\u00a0\u00a0\u00a0\u00a0\u00a0 Subjetividades y Ciudadan\u00edas argentinas:<\/p>\n<p style=\"text-align: left;\">\u00a0\u00a0\u00a0\u00a0\u00a0\u00a0\u00a0\u00a0\u00a0\u00a0\u00a0\u00a0\u00a0\u00a0\u00a0\u00a0\u00a0 -Pol\u00edtica y Educaci\u00f3n<\/p>\n<p style=\"text-align: left;\">\u00a0\u00a0\u00a0\u00a0\u00a0\u00a0\u00a0\u00a0\u00a0\u00a0\u00a0\u00a0\u00a0\u00a0\u00a0\u00a0\u00a0 -Comunicaci\u00f3n e Ideolog\u00eda<\/p>\n<p style=\"text-align: left;\">\u00a0\u00a0\u00a0\u00a0\u00a0\u00a0\u00a0\u00a0\u00a0 \u00a0\u00a0\u00a0\u00a0\u00a0\u00a0\u00a0\u00a0\u00a0Plenarios con conclusiones<\/p>\n<p style=\"text-align: left;\">Equipos de C\u00e1tedra:<\/p>\n<p style=\"text-align: left;\">\u00a0Sociolog\u00eda del trabajo<\/p>\n<p style=\"text-align: left;\">Imaginarios Argentinos<\/p>\n<p style=\"text-align: left;\">Pol\u00edtica educativa<\/p>\n<p style=\"text-align: left;\">Pensamiento Nacional<\/p>\n<p>&nbsp;<\/p>\n<p style=\"text-align: left;\">18.00 hs.\u00a0\u00a0 <u>Presentaciones\u00a0 con invitados<\/u>:<\/p>\n<p style=\"text-align: left;\">\u00a0\u00a0\u00a0 a\u00a0\u00a0\u00a0\u00a0\u00a0\u00a0\u00a0\u00a0\u00a0\u00a0\u00a0 <strong>C\u00f3mo se entra en crisis\u2026<\/strong><\/p>\n<p>\u00a0 \u00a0 \u00a0 \u00a0 \u00a0 \u00a0 \u00a0 \u00a0 \u00a0 Carlos Quiroga<\/p>\n<p style=\"text-align: left;\">20.45 hs.\u00a0\u00a0 <u>Panel<\/u> <strong>Argentina aqu\u00ed y ahora<\/strong><\/p>\n<p style=\"text-align: left;\"><strong>\u00a0\u00a0\u00a0\u00a0\u00a0\u00a0\u00a0\u00a0\u00a0\u00a0\u00a0\u00a0\u00a0\u00a0\u00a0\u00a0\u00a0 En qu\u00e9 se participa, a partir de qu\u00e9 se elige<\/strong><\/p>\n<p>\u00a0 \u00a0 \u00a0 \u00a0 \u00a0 \u00a0 \u00a0 \u00a0 \u00a0 Santiago Arag\u00f3n Jorge Benedetti Mario Oporto<\/p>\n<p>&nbsp;<\/p>\n<p style=\"text-align: left;\">20.45 hs.\u00a0 \u00a0Cierre de actividades realizadas<\/p>\n<p style=\"text-align: left;\">\u00a0 \u00a0 \u00a0a\u00a0 \u00a0 \u00a0 \u00a0 \u00a0 \u00a0 Anticipo pr\u00f3ximos encuentros<\/p>\n<p>21.00 hs.\u00a0 \u00a0 Equipo Imaginarios Argentinos e Identidad<\/p>\n","protected":false},"excerpt":{"rendered":"<p>1\u00b0 Congreso sobre Imaginarios Argentinos e Identidad Los desaf\u00edos de siempre\u2026 Identidad Nacional, Democracia y Ciudadan\u00eda&#8230;<\/p>\n","protected":false},"author":8,"featured_media":0,"parent":0,"menu_order":0,"comment_status":"closed","ping_status":"closed","template":"","meta":{"footnotes":""},"class_list":["post-20164","page","type-page","status-publish","hentry"],"_links":{"self":[{"href":"https:\/\/www.sociales.unlz.edu.ar\/index.php\/wp-json\/wp\/v2\/pages\/20164","targetHints":{"allow":["GET"]}}],"collection":[{"href":"https:\/\/www.sociales.unlz.edu.ar\/index.php\/wp-json\/wp\/v2\/pages"}],"about":[{"href":"https:\/\/www.sociales.unlz.edu.ar\/index.php\/wp-json\/wp\/v2\/types\/page"}],"author":[{"embeddable":true,"href":"https:\/\/www.sociales.unlz.edu.ar\/index.php\/wp-json\/wp\/v2\/users\/8"}],"replies":[{"embeddable":true,"href":"https:\/\/www.sociales.unlz.edu.ar\/index.php\/wp-json\/wp\/v2\/comments?post=20164"}],"version-history":[{"count":7,"href":"https:\/\/www.sociales.unlz.edu.ar\/index.php\/wp-json\/wp\/v2\/pages\/20164\/revisions"}],"predecessor-version":[{"id":20203,"href":"https:\/\/www.sociales.unlz.edu.ar\/index.php\/wp-json\/wp\/v2\/pages\/20164\/revisions\/20203"}],"wp:attachment":[{"href":"https:\/\/www.sociales.unlz.edu.ar\/index.php\/wp-json\/wp\/v2\/media?parent=20164"}],"curies":[{"name":"wp","href":"https:\/\/api.w.org\/{rel}","templated":true}]}}