{"id":17232,"date":"2022-10-17T15:02:59","date_gmt":"2022-10-17T18:02:59","guid":{"rendered":"https:\/\/www.sociales.unlz.edu.ar\/?page_id=17232"},"modified":"2025-02-06T12:27:54","modified_gmt":"2025-02-06T15:27:54","slug":"eventos-y-actividades-unicom","status":"publish","type":"page","link":"https:\/\/www.sociales.unlz.edu.ar\/index.php\/eventos-y-actividades-unicom\/","title":{"rendered":"Eventos y actividades UniCom"},"content":{"rendered":"<p>[vc_row][vc_column][vc_column_text]<\/p>\n<h3 class=\"style-scope ytd-watch-metadata\">Conferencia: &#8220;El impacto del cambio clim\u00e1tico en las ciudades del siglo XXI&#8221;<\/h3>\n<h4>A cargo de la Dra. Mar\u00eda Laura Zulaica (CONICET-UNMdP), el 8 de mayo de 2024<\/h4>\n<p>[\/vc_column_text][vc_video link=&#8221;https:\/\/youtu.be\/FkhTyjH52NM&#8221;][\/vc_column][\/vc_row][vc_row][vc_column][vc_column_text]<\/p>\n<h3 class=\"style-scope ytd-watch-metadata\">Conferencia &#8220;Desigualdades vitales en ciudades capitales del Norte Grande argentino (2005-2020)<\/h3>\n<h5>A cargo del Dr. Fernando Longhi (CONICET &#8211; UNT)<\/h5>\n<p>[\/vc_column_text][vc_video link=&#8221;https:\/\/youtu.be\/xiZdXEktP3U&#8221;][\/vc_column][\/vc_row][vc_row][vc_column][vc_column_text]<\/p>\n<h3 class=\"style-scope ytd-watch-metadata\">Sapienza &#8211; Universit\u00e0 di Roma<\/h3>\n<h3 class=\"style-scope ytd-watch-metadata\">Seminario: Pol\u00edticas para superar las desigualdades: una mirada desde la calidad de vida, el bienestar y las capacidades humanas<\/h3>\n<p>[\/vc_column_text][vc_video link=&#8221;https:\/\/youtu.be\/ZfJKJXw7dFc?si=0yz8MCMiNrrpkG-c&#8221;][vc_video link=&#8221;https:\/\/youtu.be\/VKZAQ4xplpM?si=vR_7cvYwJqEfSAEZ&#8221;][\/vc_column][\/vc_row][vc_row][vc_column][vc_column_text]<\/p>\n<h3 class=\"style-scope ytd-watch-metadata\">Tonon expuso en un seminario sobre desigualdades urbanas en la Universidad de Roma \u201cLa Sapienza\u201d<\/h3>\n<p>La Dra. Graciela Tonon, trabajadora social, docente y directora del Instituto de Estudios Sociales-UniCom en la Facultad de Ciencias Sociales de la Universidad Nacional de Lomas de Zamora (UNLZ), disert\u00f3 sobre la calidad de vida y las desigualdades en un seminario de posgrado en la Universidad de Roma \u201cLa Sapienza\u201d.<\/p>\n<p>El curso optativo para los doctorados internacionales en Ciencias Sociales y Econom\u00eda de la casa de estudios italiana -fundada el 20 de abril de 1303- se centr\u00f3 en los estudios de los \u00faltimos dos libros de Tonon: \u201cLos actores protag\u00f3nicos en el proceso de la transmisi\u00f3n de los resultados de investigaci\u00f3n que se producen en la universidad y en las pol\u00edticas p\u00fablicas\u201d y \u201cDesigualdades urbanas: una mirada multidimensional e internacional\u201d.<\/p>\n<p>Este \u00faltimo, que a\u00fan no se ha publicado, desarrolla investigaciones que se realizaron en la UNLZ y en el cual tambi\u00e9n participaron alrededor de 30 autores de todo el mundo. El mismo, explica desigualdades que van \u201cm\u00e1s all\u00e1 de los t\u00e9rminos econ\u00f3micos\u201d, como lo son las referidas a lo cultural, lo social y lo \u00e9tnico, entre otras.<\/p>\n<p>La profesora de La Sapienza, directora de la revista cient\u00edfica del Social Indicator Research, asesora del gobierno italiano y asesora de la Organizaci\u00f3n para la Cooperaci\u00f3n y el Desarrollo Econ\u00f3mico (OCDE), Filomena Maggino, fue la encargada de gestar la participaci\u00f3n de Tonon en la universidad del viejo continente.<\/p>\n<p>La Dra. Graciela Tonon cuenta con m\u00e1s de 25 libros publicados en espa\u00f1ol y en ingl\u00e9s, y es editora asociada en la revista cient\u00edfica \u201cApplied Research in Quality of Life\u201d. Sobre esto asegur\u00f3: \u201cQue una sudamericana, mujer, est\u00e9 ah\u00ed es incre\u00edble y no suele suceder. Sobre todo porque en el mundo anglosaj\u00f3n de la ciencia, que es el que ha tenido hist\u00f3ricamente el poder, los latinoamericanos que aparecen viven en el primer mundo\u201d.<\/p>\n<p>Sobre sus investigaciones en nuestra casa de estudios, la doctora profundiz\u00f3: \u201cHe hecho muchas investigaciones en relaci\u00f3n a c\u00f3mo es la calidad de vida de nuestros estudiantes y siempre lo que m\u00e1s aparece es este sentido de pertenencia, casi familiar de apoyo social, fundado en los v\u00ednculos entre las personas, no en otra cosa\u201d.[\/vc_column_text][vc_single_image image=&#8221;22091&#8243; img_size=&#8221;large&#8221; alignment=&#8221;center&#8221;][\/vc_column][\/vc_row][vc_row][vc_column][vc_column_text]<\/p>\n<h3 class=\"style-scope ytd-watch-metadata\">Simposio: \u201cLa vulnerabilidad social de ni\u00f1os y ni\u00f1as\u201d.<\/h3>\n<h5>A cargo de la directora del Instituto de Estudios Sociales UniCom, Graciela Ton\u00f3n, y el director del Instituto de Relaciones Internacionales de la UNLZ, Franco Lavolpe<\/h5>\n<p>[\/vc_column_text][vc_video link=&#8221;https:\/\/youtu.be\/32cJSwwpP5M&#8221;][\/vc_column][\/vc_row][vc_row][vc_column][vc_column_text]<\/p>\n<h3 class=\"style-scope ytd-watch-metadata\">Conferencia \u201cRetos para la formaci\u00f3n de periodistas en Am\u00e9rica Latina\u201d<\/h3>\n<h5>A cargo de la mag\u00edster Rosa Garc\u00eda G\u00f3mez, coordinadora de la licenciatura en Periodismo de la Universidad de Guadalajara, Centro Universitario del Sur, M\u00e9xico.<\/h5>\n<p>[\/vc_column_text][vc_video link=&#8221;https:\/\/www.youtube.com\/watch?v=Rg3TCR86VUg&amp;ab_channel=FacultaddeCienciasSocialesUNLZ&#8221;][\/vc_column][\/vc_row][vc_row][vc_column][vc_column_text]<\/p>\n<h3 class=\"style-scope ytd-watch-metadata\">Disputas de sentido y poder en las agendas medi\u00e1tica y social<\/h3>\n<h5>Videoconferencia en Centro Universitario del Sur (CUSUR), de la Universidad de Guadalajara, M\u00e9xico.<\/h5>\n<p>[\/vc_column_text][vc_video link=&#8221;https:\/\/www.youtube.com\/watch?v=I81vK9vJIJc&amp;ab_channel=FacultaddeCienciasSocialesUNLZ&#8221;][\/vc_column][\/vc_row][vc_row][vc_column][vc_column_text]<\/p>\n<h3 class=\"title style-scope ytd-video-primary-info-renderer\">Conferencia de la Dra. Helena Marujo<\/h3>\n<h5>Se realiz\u00f3 el conversatorio con la docente e investigadora de la Universidad de Lisboa y Coordinadora de la C\u00e1tedra UNESCO: Educaci\u00f3n para la Paz Global, Dra. Helena Marujo, en el marco del D\u00eda de la UNESCO y el D\u00eda Mundial de la Ciencia para la Paz y el Desarrollo.<\/h5>\n<p>[\/vc_column_text][vc_video link=&#8221;https:\/\/www.youtube.com\/watch?v=ouyzE-03Uz0&amp;ab_channel=FacultaddeCienciasSocialesUNLZ&#8221;][\/vc_column][\/vc_row][vc_row][vc_column][vc_column_text]<\/p>\n<h3 class=\"title style-scope ytd-video-primary-info-renderer\">Clase abierta: &#8220;Las desigualdades de las ni\u00f1eces&#8221;<\/h3>\n<h5>El Instituto de Estudios Sociales UniCom realiz\u00f3 una clase abierta denominada \u201cLas desigualdades de las ni\u00f1eces\u201d, en el marco de la XX Semana Nacional de Ciencia y la Tecnolog\u00eda 2022, evento organizado por el Ministerio de Ciencia, Tecnolog\u00eda e Innovaci\u00f3n de la Naci\u00f3n.<\/h5>\n<p>[\/vc_column_text][vc_video link=&#8221;https:\/\/www.youtube.com\/watch?v=VYlAKzMkbQE&amp;t=2s&amp;ab_channel=FacultaddeCienciasSocialesUNLZ&#8221;][\/vc_column][\/vc_row][vc_row][vc_column][vc_column_text]<\/p>\n<h4>Presentaci\u00f3n de libro UniCom &#8211; \u201cUna mirada multidimensional del desarrollo de las comunidades\u201d<\/h4>\n<p>[\/vc_column_text][vc_video link=&#8221;https:\/\/www.youtube.com\/watch?v=_TxPNvCve0w&#8221;][\/vc_column][\/vc_row][vc_row][vc_column][vc_column_text]<\/p>\n<h4 class=\"style-scope ytd-watch-metadata\">Webinar &#8220;La inserci\u00f3n de j\u00f3venes estudiantes en el escenario de la investigaci\u00f3n social&#8221;<\/h4>\n<p>[\/vc_column_text][vc_video link=&#8221;https:\/\/www.youtube.com\/watch?v=GvnBI7B356w&amp;ab_channel=FacultaddeCienciasSocialesUNLZ&#8221;][\/vc_column][\/vc_row][vc_row][vc_column][vc_column_text]<\/p>\n<h4>Webinar: Resiliencia comunitaria y calidad de vida<\/h4>\n<p>[\/vc_column_text][vc_video link=&#8221;https:\/\/www.youtube.com\/watch?v=LrhKbPUkwqU&amp;ab_channel=FacultaddeCienciasSocialesUNLZ&#8221;][\/vc_column][\/vc_row][vc_row][vc_column][vc_column_text]<\/p>\n<h4 class=\"heading-title mb0\">UniCom present\u00f3 su tercer libro \u201cCalidad de vida de ni\u00f1os y ni\u00f1as en Argentina y en Sud\u00e1frica: una propuesta desde la relaci\u00f3n Sur-Sur\u201d<\/h4>\n<p>[\/vc_column_text][vc_column_text]En el marco de la celebraci\u00f3n de los 10 a\u00f1os de la creaci\u00f3n del Instituto de Estudios Sociales UniCom de la Facultad de Ciencias Sociales de la Universidad Nacional de Lomas de Zamora (UNLZ), se realiz\u00f3 la presentaci\u00f3n del libro \u201cCalidad de vida de ni\u00f1os y ni\u00f1as en Argentina y en Sud\u00e1frica: una propuesta desde la relaci\u00f3n Sur-Sur\u201d.<\/p>\n<p>La apertura del encuentro estuvo a cargo del decano de la Facultad, Gustavo Na\u00f3n, quien felicit\u00f3 al equipo del Instituto y especialmente a la Dra. Graciela Ton\u00f3n \u201cpor conducir el espacio y tender puentes de forma permanente con otras organizaciones de nuestro pa\u00eds y el extranjero.\u201d<\/p>\n<p>En esta misma l\u00ednea, Na\u00f3n asegur\u00f3 que \u201cdesde nuestra Facultad siempre alentamos el armado de redes colaborativas porque nos fortalecen\u201d y agreg\u00f3 que este proyecto \u201cvalora la transmisi\u00f3n y producci\u00f3n de conocimientos\u201d entre instituciones.<\/p>\n<p>Luego, la Directora de UniCom, Graciela Tonon explic\u00f3 que esta red de investigaci\u00f3n, que incluye a m\u00e1s de 50 pa\u00edses, \u00a0les permiti\u00f3 descubrir \u00a0\u201cque un pa\u00eds como Sud\u00e1frica en realidad mostraba una cantidad de situaciones que ten\u00edan alguna similitud con lo que ocurre en Argentina\u201d relacionado a la calidad de vida de infantes.<\/p>\n<p>A su vez, Tonon dio una breve introducci\u00f3n sobre los objetivos generales y dimensiones del proyecto, e introdujo a la Dra. Claudia Mikkelsen quien expuso sobre las caracter\u00edsticas demogr\u00e1ficas, viviendas y barrios en las que viven ni\u00f1os y ni\u00f1as de 10 a\u00f1os de edad de las provincias de Buenos Aires (Argentina) y Western Cape (Sud\u00e1frica).<\/p>\n<p>Por su parte, la Dra. Denise Benatuil present\u00f3 los resultados obtenidos e indic\u00f3 que \u201cel sentirse tratados justamente, durante su ni\u00f1ez, puede favorecer la generaci\u00f3n de valores, como la justicia, el respeto al pr\u00f3jimo y el compromiso ciudadano\u201d.<\/p>\n<p>Por el lado de Sud\u00e1frica, la Dra. Sabirah Adams explic\u00f3 que \u201cm\u00e1s all\u00e1 de que se trataba de una encuesta hicimos juegos para conocer a los ni\u00f1os y las ni\u00f1as que iban a responderla\u201d. En este sentido, el Dr. Shazly Savahl se\u00f1al\u00f3 la importancia en \u201cser cuidadosos en las comparaciones y no perder de vista las condiciones culturales y contextuales\u201d, y a\u00f1adi\u00f3 que es \u201cfundamental conectar esta investigaci\u00f3n con los hacedores de pol\u00edticas\u201d.<\/p>\n<p><strong>Sobre el libro:<\/strong><\/p>\n<p>El libro \u201cCalidad de vida de ni\u00f1os y ni\u00f1as en Argentina y en Sud\u00e1frica: una propuesta desde la relaci\u00f3n Sur-Sur\u201d es parte de un trabajo colaborativo entre UniCom, con el apoyo del Programa LOMASCyT y el Centro de Estudios Interdisciplinarios de Ni\u00f1ez, Familia y Sociedad de la Facultad de Ciencias de la Comunidad y la Salud de la Universidad de Western Cape, Sud\u00e1frica. Es de\u00a0acceso libre y gratuito y a la brevedad se encontrar\u00e1 disponible en el \u00e1rea de publicaciones de la colecci\u00f3n cient\u00edfica de UniCom.[\/vc_column_text][vc_video link=&#8221;https:\/\/www.youtube.com\/watch?v=POVG-4y8TOs&amp;ab_channel=FacultaddeCienciasSocialesUNLZ&#8221;][\/vc_column][\/vc_row][vc_row][vc_column][vc_column_text]<\/p>\n<h4 class=\"heading-title mb0\">Una Jornada para pensar a los ni\u00f1os y ni\u00f1as como protagonistas<\/h4>\n<p>[\/vc_column_text][vc_column_text]Con la presencia de destacados especialistas de la regi\u00f3n se llev\u00f3 a cabo la Jornada de la Red Children\u2019s World-ISCWeB: \u201cCalidad de vida de ni\u00f1os y ni\u00f1as de Sudam\u00e9rica\u201d, organizada junto al Instituto de Estudios Sociales UniCom de la Facultad de Ciencias Sociales de la Universidad Nacional de Lomas de Zamora (UNLZ).<\/p>\n<p>La apertura estuvo a cargo del decano de nuestra casa de estudios, Gustavo Na\u00f3n, y de la directora de UniCom, Graciela Tonon, quienes, adem\u00e1s, presentaron el libro \u201cConocer la vida de ni\u00f1os y ni\u00f1as desde la palabra de sus protagonistas (Argentina, Chile, y Brasil)\u201d.<\/p>\n<p>\u201cDesde la facultad apostamos no s\u00f3lo a la investigaci\u00f3n, sino tambi\u00e9n a la comunicaci\u00f3n p\u00fablica de las ciencias\u201d, afirm\u00f3 Na\u00f3n, y continu\u00f3: \u201cCreemos en la formaci\u00f3n de nuestros docentes investigadores y por eso esta jornada tiene como objetivo fortalecer el conocimiento\u201d.<\/p>\n<p>Por otro lado, Tonon realiz\u00f3 un repaso por el contenido y el proceso de producci\u00f3n del libro, y sostuvo que \u201cla l\u00ednea de trabajo est\u00e1 centrada en considerar a los ni\u00f1os y ni\u00f1as como protagonistas de verdad, terminando con la idea de que sean los adultos quienes informen lo que les pasa a ellos\u201d.<\/p>\n<p>Como invitado especial y m\u00e1s esperado por el auditorio, particip\u00f3 el fundador de la Red Children\u2019s Worlds, el Dr. Asher Ben-Arieh, quien vino desde Israel para participar. \u201cEs importante pensar y estudiar la parte subjetiva de los ni\u00f1os y ni\u00f1as\u201d, sostuvo.<\/p>\n<p>Luego, se refiri\u00f3 a un estudio que realiz\u00f3 en el que estuvieron involucrados varios pa\u00edses del mundo con el foco puesto en los ni\u00f1os y ni\u00f1as. \u201cUna de las conclusiones que obtuvimos fue que en los pa\u00edses asi\u00e1ticos el bienestar de los chicos es menor que en otros pa\u00edses, y que los factores que m\u00e1s influyen son: el uso del tiempo, las relaciones, y, sobre todo, la visi\u00f3n sobre ellos mismos\u201d, finaliz\u00f3.<\/p>\n<p><strong>A pesar de los conflictos, Chile dijo presente<\/strong><\/p>\n<p>El Dr. Jaime Alfaro Inzunza, presidente del Centro de Estudios de Bienestar y Convivencia Social (CEBCS) de la Universidad del Desarrollo de Chile, quien tambi\u00e9n particip\u00f3 de la jornada en el panel: \u201cMiradas psicosociales y espaciales del bienestar de ni\u00f1os y ni\u00f1as que viven en Sudam\u00e9rica\u201d, dio detalles sobre los objetivos del centro que dirige: \u201cEl CEBCS tiene varias l\u00edneas de investigaci\u00f3n que toma el concepto de bienestar en el sentido amplio, y lo que busca es estudiar c\u00f3mo la calidad de vida, el \u2018estar bien\u2019 de las personas, tiene que ver con las relaciones sociales\u201d.<\/p>\n<p>Con respecto al encuentro, Alfaro Inzunza afirm\u00f3 que le \u201cresultan enriquecedores\u201d, y que \u201cen estos espacios siempre estamos aportando y recibiendo contribuciones\u201d.<\/p>\n<p>Por \u00faltimo, el doctor dio detalles sobre la situaci\u00f3n que est\u00e1 viviendo Chile y la relaci\u00f3n con el trabajo que realizan, y asegur\u00f3 que \u201choy en d\u00eda existe una insatisfacci\u00f3n cotidiana que lleva a estas situaciones debido a la inseguridad que se siente en todos los \u00e1mbitos que afecta a la calidad de vida, tanto objetiva como subjetiva, de la sociedad, volvi\u00e9ndose intolerable\u201d<\/p>\n<p>A su vez, realiz\u00f3 una autocritica por no haber prevenido la situaci\u00f3n: \u201cNosotros, los universitarios, no contribuimos lo suficiente para anticipar esto y resolverlo. Tenemos que asumir el desaf\u00edo de contribuir al futuro porque la gente se siente aislada y sin pertenencia, y si la gente no se siente feliz hay conflicto\u201d.<\/p>\n<p><strong>Los paneles<\/strong><\/p>\n<p>Durante toda la jornada hubo en total seis paneles con diez especialistas de Argentina, Chile, e Israel.\u00a0 Uno de ellos, estuvo a cargo de la Dra. Denise Benatuil de la UNLZ, quien abord\u00f3 \u201clas relaciones personales y familiares de ni\u00f1os y ni\u00f1as\u201d: \u201cLa familia es fundamental porque a partir de estas relaciones se forma la personalidad de los ni\u00f1os. En segundo lugar, est\u00e1n las relaciones con los pares que impactan en la imagen que tienen sobre s\u00ed mismos y su autoestima\u201d.<\/p>\n<p>Luego, la investigadora del CONICET y de la Universidad de Mar del Plata, Claudia Mikkelsen, disert\u00f3 sobre \u201cel espacio social en el cual viven ni\u00f1os y ni\u00f1as\u201d y afirm\u00f3 que \u201clos barrios donde residen son importantes para el desarrollo de sus vidas porque es donde ellos construyen lazos sociales por fuera del c\u00edrculo familiar\u201d.<\/p>\n<p>Adem\u00e1s participaron, el Mag. Fernando Reyes, de la Universidad del Desarrollo de Chile, el Dr. Walter Toscano, de la Universidad Nacional de La Matanza, y la Dra. L\u00eda Rodr\u00edguez de la Vega, de nuestra casa de estudios, quienes conformaron el panel: \u201cLa vida cotidiana de ni\u00f1os y ni\u00f1as\u201d. En tanto, en el bloque sobre \u201cJ\u00f3venes investigadores\/as dedicados al estudio de la ni\u00f1ez y adolescencia\u201d, estuvieron: la Lic. Carolina Aspillaga, investigadora chilena, la Lic. Agustina Suarez, de la UNLZ, y el Lic. Dami\u00e1n Molgaray, de la Universidad de Palermo.[\/vc_column_text][\/vc_column][\/vc_row][vc_row][vc_column width=&#8221;1\/3&#8243;][vc_single_image image=&#8221;9543&#8243; img_size=&#8221;large&#8221; alignment=&#8221;center&#8221;][\/vc_column][vc_column width=&#8221;1\/3&#8243;][vc_single_image image=&#8221;9547&#8243; img_size=&#8221;large&#8221; alignment=&#8221;center&#8221;][\/vc_column][vc_column width=&#8221;1\/3&#8243;][vc_single_image image=&#8221;9544&#8243; img_size=&#8221;large&#8221; alignment=&#8221;center&#8221;][\/vc_column][\/vc_row][vc_row][vc_column width=&#8221;1\/3&#8243;][vc_single_image image=&#8221;9551&#8243; img_size=&#8221;large&#8221; alignment=&#8221;center&#8221;][\/vc_column][vc_column width=&#8221;1\/3&#8243;][vc_single_image image=&#8221;9548&#8243; img_size=&#8221;large&#8221; alignment=&#8221;center&#8221;][\/vc_column][vc_column width=&#8221;1\/3&#8243;][vc_single_image image=&#8221;9557&#8243; img_size=&#8221;large&#8221; alignment=&#8221;center&#8221;][\/vc_column][\/vc_row]<\/p>\n","protected":false},"excerpt":{"rendered":"<p>[vc_row][vc_column][vc_column_text] Conferencia: &#8220;El impacto del cambio clim\u00e1tico en las ciudades del siglo XXI&#8221; A cargo de&#8230;<\/p>\n","protected":false},"author":8,"featured_media":0,"parent":0,"menu_order":0,"comment_status":"closed","ping_status":"closed","template":"","meta":{"footnotes":""},"class_list":["post-17232","page","type-page","status-publish","hentry"],"_links":{"self":[{"href":"https:\/\/www.sociales.unlz.edu.ar\/index.php\/wp-json\/wp\/v2\/pages\/17232","targetHints":{"allow":["GET"]}}],"collection":[{"href":"https:\/\/www.sociales.unlz.edu.ar\/index.php\/wp-json\/wp\/v2\/pages"}],"about":[{"href":"https:\/\/www.sociales.unlz.edu.ar\/index.php\/wp-json\/wp\/v2\/types\/page"}],"author":[{"embeddable":true,"href":"https:\/\/www.sociales.unlz.edu.ar\/index.php\/wp-json\/wp\/v2\/users\/8"}],"replies":[{"embeddable":true,"href":"https:\/\/www.sociales.unlz.edu.ar\/index.php\/wp-json\/wp\/v2\/comments?post=17232"}],"version-history":[{"count":29,"href":"https:\/\/www.sociales.unlz.edu.ar\/index.php\/wp-json\/wp\/v2\/pages\/17232\/revisions"}],"predecessor-version":[{"id":23675,"href":"https:\/\/www.sociales.unlz.edu.ar\/index.php\/wp-json\/wp\/v2\/pages\/17232\/revisions\/23675"}],"wp:attachment":[{"href":"https:\/\/www.sociales.unlz.edu.ar\/index.php\/wp-json\/wp\/v2\/media?parent=17232"}],"curies":[{"name":"wp","href":"https:\/\/api.w.org\/{rel}","templated":true}]}}