{"id":13535,"date":"2021-05-31T10:23:34","date_gmt":"2021-05-31T13:23:34","guid":{"rendered":"https:\/\/www.sociales.unlz.edu.ar\/?page_id=13535"},"modified":"2025-03-19T09:49:58","modified_gmt":"2025-03-19T12:49:58","slug":"el-saop-cumple-20-anos","status":"publish","type":"page","link":"https:\/\/www.sociales.unlz.edu.ar\/index.php\/el-saop-cumple-20-anos\/","title":{"rendered":"El SAOP cumple 20 a\u00f1os"},"content":{"rendered":"<p>[vc_row][vc_column][vc_column_text]El s\u00e1bado 3 de noviembre de 2018, en un mundo que supimos habitar, festej\u00e1bamos nuestros primeros 20 a\u00f1os. Un d\u00eda que fue por cierto inolvidable, atravesado por muchas emociones, recuerdos y reencuentros.<br \/>\nEse d\u00eda, que plasm\u00f3 un entrecruzamiento entre la dimensi\u00f3n acad\u00e9mica y la dimensi\u00f3n art\u00edstica (es decir, \u00e9tica y est\u00e9tica), tuvo un momento culminante en el n\u00famero art\u00edstico de cierre del la Jornada, a cargo de pacientes y profesionales del SAOP.<br \/>\nUnx de nosotrxs estuvo a cargo de la concepci\u00f3n, los ensayos, la musicalizaci\u00f3n y la puesta en escena, entre otras responsabilidades. Se trata de la saopiana Rocio San Agustin. En un momento de la presentaci\u00f3n, nuestra directora art\u00edstica recit\u00f3 el siguiente manifiesto cl\u00ednico de su autor\u00eda:<br \/>\n&#8220;Poes\u00eda sobre las pr\u00e1cticas psicopedag\u00f3gicas<br \/>\nEscucharme y escucharnos<br \/>\nEncontrarme y encontrarnos<br \/>\nRespetarme y respetarnos<br \/>\nAyudarme y ayudarnos<br \/>\nTransformarme y transformarnos<br \/>\nLas pr\u00e1cticas psicopedag\u00f3gicas se mueven al ritmo del mar\u2026 o de una danza\u2026 son aqu\u00e9llas superadoras de obst\u00e1culos\u2026 aquellas que miran m\u00e1s all\u00e1\u2026 que pintan, con colores m\u00e1gicos, puertas que se abren hacia nuevos mundos posibles, que antes eran invisibles\u2026<br \/>\nPr\u00e1cticas psicopedag\u00f3gicas que vibran al comp\u00e1s de la lucha\u2026 una lucha que genera autonom\u00eda y libertad\u2026 pr\u00e1cticas que siembran l\u00e1grimas, sonrisas y nuevos pensamientos\u2026 que se suceden en m\u00e1gicos y reales encuentros\u2026<br \/>\nEncuentros que siembran pasos peque\u00f1os y agigantados\u2026 encuentros que dan lugar a \u201cun decir\u201d y \u201cun caminar\u201d hacia la liberaci\u00f3n\u2026<br \/>\nTodos tenemos el derecho a poder reinventar nuestros caminos\u2026 Y por medio de la creaci\u00f3n, poder imaginar, escribir y cantar nuestra propia canci\u00f3n\u2026&#8221;[\/vc_column_text][vc_video link=&#8221;https:\/\/www.youtube.com\/watch?v=wJRog2dhehM&amp;ab_channel=FacultaddeCienciasSocialesUNLZ&#8221; el_width=&#8221;70&#8243;][\/vc_column][\/vc_row]<\/p>\n","protected":false},"excerpt":{"rendered":"<p>[vc_row][vc_column][vc_column_text]El s\u00e1bado 3 de noviembre de 2018, en un mundo que supimos habitar, festej\u00e1bamos nuestros primeros&#8230;<\/p>\n","protected":false},"author":8,"featured_media":0,"parent":0,"menu_order":0,"comment_status":"closed","ping_status":"closed","template":"","meta":{"footnotes":""},"class_list":["post-13535","page","type-page","status-publish","hentry"],"_links":{"self":[{"href":"https:\/\/www.sociales.unlz.edu.ar\/index.php\/wp-json\/wp\/v2\/pages\/13535","targetHints":{"allow":["GET"]}}],"collection":[{"href":"https:\/\/www.sociales.unlz.edu.ar\/index.php\/wp-json\/wp\/v2\/pages"}],"about":[{"href":"https:\/\/www.sociales.unlz.edu.ar\/index.php\/wp-json\/wp\/v2\/types\/page"}],"author":[{"embeddable":true,"href":"https:\/\/www.sociales.unlz.edu.ar\/index.php\/wp-json\/wp\/v2\/users\/8"}],"replies":[{"embeddable":true,"href":"https:\/\/www.sociales.unlz.edu.ar\/index.php\/wp-json\/wp\/v2\/comments?post=13535"}],"version-history":[{"count":4,"href":"https:\/\/www.sociales.unlz.edu.ar\/index.php\/wp-json\/wp\/v2\/pages\/13535\/revisions"}],"predecessor-version":[{"id":13617,"href":"https:\/\/www.sociales.unlz.edu.ar\/index.php\/wp-json\/wp\/v2\/pages\/13535\/revisions\/13617"}],"wp:attachment":[{"href":"https:\/\/www.sociales.unlz.edu.ar\/index.php\/wp-json\/wp\/v2\/media?parent=13535"}],"curies":[{"name":"wp","href":"https:\/\/api.w.org\/{rel}","templated":true}]}}